{"id":258,"date":"2016-10-10T08:43:42","date_gmt":"2016-10-10T07:43:42","guid":{"rendered":"http:\/\/villaverdevaldisole.it\/de\/?page_id=258"},"modified":"2024-04-26T11:55:50","modified_gmt":"2024-04-26T10:55:50","slug":"winterpreise","status":"publish","type":"page","link":"https:\/\/www.villaverdevaldisole.it\/de\/preise-und-angebote\/winterpreise\/","title":{"rendered":"Winterpreise"},"content":{"rendered":"<h2>Winter 2024\/25<\/h2>\n<p>Preise Wohnungen zur Miete im Winter in unseren Bergen, in Mezzana-Marilleva, im Zentrum von Val di Sole.<\/p>\n<p>Perioden und indikative Preise f\u00fcr w\u00f6chentliche Aufenthalte, nicht inbegriffen die Kurtaxe<\/p>\n\n<table id=\"tablepress-7\" class=\"tablepress tablepress-id-7\">\n<thead>\n<tr class=\"row-1 odd\">\n\t<th class=\"column-1\">PERIOD<\/th><th class=\"column-2\">BILOCALE 2\/4 Personen<\/th><th class=\"column-3\">TRILOCALE 4\/6 Personen<\/th>\n<\/tr>\n<\/thead>\n<tbody>\n<tr class=\"row-2 even\">\n\t<td class=\"column-1\">Von 30.11.24 bis 07.12.24  min. 7 N\u00e4chte<\/td><td class=\"column-2\">730,00<\/td><td class=\"column-3\">850,00<\/td>\n<\/tr>\n<tr class=\"row-3 odd\">\n\t<td class=\"column-1\">Von 07.12.24 bis 14.12.24  min. 7 N\u00e4chte<\/td><td class=\"column-2\">840,00<\/td><td class=\"column-3\">960,00<\/td>\n<\/tr>\n<tr class=\"row-4 even\">\n\t<td class=\"column-1\">Von 14.12.24 bis 21.12.24  min. 7 N\u00e4chte<\/td><td class=\"column-2\">840,00<\/td><td class=\"column-3\">960,00<\/td>\n<\/tr>\n<tr class=\"row-5 odd\">\n\t<td class=\"column-1\">Von 21.12.24 bis 28.12.24  Weihnachten - 7 N\u00e4chte<\/td><td class=\"column-2\">1.110,00<\/td><td class=\"column-3\">1.240,00<\/td>\n<\/tr>\n<tr class=\"row-6 even\">\n\t<td class=\"column-1\">Von 28.12.24 bis 04.01.25  min. Neujahrs - 7 N\u00e4chte<\/td><td class=\"column-2\">1.680,00<\/td><td class=\"column-3\">1.820,00<\/td>\n<\/tr>\n<tr class=\"row-7 odd\">\n\t<td class=\"column-1\">Von 04.01.25 bis 11.01.25  min. 7 N\u00e4chte<\/td><td class=\"column-2\">1.070,00<\/td><td class=\"column-3\">1.200,00<\/td>\n<\/tr>\n<tr class=\"row-8 even\">\n\t<td class=\"column-1\">Von 11.01.25 bis 18.01.25  min. 7 N\u00e4chte<\/td><td class=\"column-2\">830,00<\/td><td class=\"column-3\">950,00<\/td>\n<\/tr>\n<tr class=\"row-9 odd\">\n\t<td class=\"column-1\">Von 18.01.25 bis 25.01.25  min. 7 N\u00e4chte<\/td><td class=\"column-2\">860,00<\/td><td class=\"column-3\">980,00<\/td>\n<\/tr>\n<tr class=\"row-10 even\">\n\t<td class=\"column-1\">Von 25.01.25 bis 01.02.25  min. 7 N\u00e4chte<\/td><td class=\"column-2\">860,00<\/td><td class=\"column-3\">980,00<\/td>\n<\/tr>\n<tr class=\"row-11 odd\">\n\t<td class=\"column-1\">Von 01.02.25 bis 08.02.25  min. 7 N\u00e4chte<\/td><td class=\"column-2\">920,00<\/td><td class=\"column-3\">1.050,00<\/td>\n<\/tr>\n<tr class=\"row-12 even\">\n\t<td class=\"column-1\">Von 08.02.25 bis 15.02.25  min. 7 N\u00e4chte<\/td><td class=\"column-2\">1.120,00<\/td><td class=\"column-3\">1.250,00<\/td>\n<\/tr>\n<tr class=\"row-13 odd\">\n\t<td class=\"column-1\">Von 15.02.25 bis 22.02.25  min. 7 N\u00e4chte<\/td><td class=\"column-2\">1.140,00<\/td><td class=\"column-3\">1.270,00<\/td>\n<\/tr>\n<tr class=\"row-14 even\">\n\t<td class=\"column-1\">Von 22.02.25 bis 01.03.25  min. 7 N\u00e4chte<\/td><td class=\"column-2\">1.140,00<\/td><td class=\"column-3\">1.270,00<\/td>\n<\/tr>\n<tr class=\"row-15 odd\">\n\t<td class=\"column-1\">Von 01.03.25 bis 08.03.25  min. 7 N\u00e4chte<\/td><td class=\"column-2\">1.140,00<\/td><td class=\"column-3\">1.270,00<\/td>\n<\/tr>\n<tr class=\"row-16 even\">\n\t<td class=\"column-1\">Von 08.03.25 bis 15.03.25  min. 7 N\u00e4chte<\/td><td class=\"column-2\">930,00<\/td><td class=\"column-3\">1.050,00<\/td>\n<\/tr>\n<tr class=\"row-17 odd\">\n\t<td class=\"column-1\">Von 15.03.25 bis 22.03.25  min. 7 N\u00e4chte<\/td><td class=\"column-2\">860,00<\/td><td class=\"column-3\">980,00<\/td>\n<\/tr>\n<tr class=\"row-18 even\">\n\t<td class=\"column-1\">Von 22.03.25 bis 29.03.25  min. 7 N\u00e4chte<\/td><td class=\"column-2\">780,00<\/td><td class=\"column-3\">900,00<\/td>\n<\/tr>\n<tr class=\"row-19 odd\">\n\t<td class=\"column-1\">Von 29.03.25 bis 05.04.25  min. 7 N\u00e4chte<\/td><td class=\"column-2\">780,00<\/td><td class=\"column-3\">900,00<\/td>\n<\/tr>\n<tr class=\"row-20 even\">\n\t<td class=\"column-1\">Von 05.04.25 bis 12.04.25  min. 7 N\u00e4chte<\/td><td class=\"column-2\">730,00<\/td><td class=\"column-3\">850,00<\/td>\n<\/tr>\n<\/tbody>\n<\/table>\n<!-- #tablepress-7 from cache -->\n<p>&nbsp;<\/p>\n<p><strong><span class=\"HwtZe\" lang=\"de\"><span class=\"jCAhz ChMk0b\"><span class=\"ryNqvb\">Wir informieren Sie, dass f\u00fcr Aufenthalte von weniger als 7 N\u00e4chten Zuschl\u00e4ge erhoben werden<\/span><\/span><\/span><\/strong><\/p>\n<hr \/>\n<div class=\"small-text\">\n<h3>Anmerkungen:<\/h3>\n<ul>\n<li>Garage zur Verf\u00fcgung solange Platz reicht<\/li>\n<li>Kostenloses W-LAN zum Browsen<\/li>\n<li>Es gibt die Gelegenheit das Hotel Salvadori Wellnesszentrum gegen Geb\u00fchr zu benutzen<\/li>\n<\/ul>\n<hr \/>\n<h3>Im Preis nicht inbegrieffen:<\/h3>\n<ul>\n<li><strong>Kaution \u20ac 200,00<\/strong> (<strong>mit Bargeld gefragt<\/strong> &#8211; R\u00fcckerstattung an die Abreise),<\/li>\n<li><strong>Endreinigung Euro 60,00<\/strong> (<strong>mit Bargeld gefragt<\/strong>) K\u00fcchenecke, K\u00fchlschrank und Geschirr sollen sauber hinterlassen werden, andernfalls werden Euro 60,00 berechnet<\/li>\n<li>Tiere nach Anfrage erlaubt<\/li>\n<\/ul>\n<p><strong>Die Wohnungen werden nach 17.00 Uhr bis 23.30 Uhr am Anreisetag gegeben und sollen vor 10.00\u00a0<\/strong><\/p>\n<\/div>\n","protected":false},"excerpt":{"rendered":"<p>Winter 2024\/25 Preise Wohnungen zur Miete im Winter in unseren Bergen, in Mezzana-Marilleva, im Zentrum von Val di Sole. Perioden und indikative Preise f\u00fcr w\u00f6chentliche Aufenthalte, nicht inbegriffen die Kurtaxe &nbsp; Wir informieren Sie, dass f\u00fcr Aufenthalte von weniger als 7 N\u00e4chten Zuschl\u00e4ge erhoben werden Anmerkungen: Garage zur Verf\u00fcgung solange Platz reicht Kostenloses W-LAN zum [&hellip;]<\/p>\n","protected":false},"author":2,"featured_media":470,"parent":256,"menu_order":0,"comment_status":"closed","ping_status":"closed","template":"","meta":[],"yoast_head":"<!-- This site is optimized with the Yoast SEO plugin v16.0.2 - https:\/\/yoast.com\/wordpress\/plugins\/seo\/ -->\n<title>Winterpreise - Villa Verde - Val di Sole<\/title>\n<meta name=\"robots\" content=\"index, follow, max-snippet:-1, max-image-preview:large, max-video-preview:-1\" \/>\n<link rel=\"canonical\" href=\"https:\/\/www.villaverdevaldisole.it\/de\/preise-und-angebote\/winterpreise\/\" \/>\n<meta property=\"og:locale\" content=\"de_DE\" \/>\n<meta property=\"og:type\" content=\"article\" \/>\n<meta property=\"og:title\" content=\"Winterpreise - Villa Verde - Val di Sole\" \/>\n<meta property=\"og:description\" content=\"Winter 2024\/25 Preise Wohnungen zur Miete im Winter in unseren Bergen, in Mezzana-Marilleva, im Zentrum von Val di Sole. Perioden und indikative Preise f\u00fcr w\u00f6chentliche Aufenthalte, nicht inbegriffen die Kurtaxe &nbsp; Wir informieren Sie, dass f\u00fcr Aufenthalte von weniger als 7 N\u00e4chten Zuschl\u00e4ge erhoben werden Anmerkungen: Garage zur Verf\u00fcgung solange Platz reicht Kostenloses W-LAN zum [&hellip;]\" \/>\n<meta property=\"og:url\" content=\"https:\/\/www.villaverdevaldisole.it\/de\/preise-und-angebote\/winterpreise\/\" \/>\n<meta property=\"og:site_name\" content=\"Villa Verde - Val di Sole\" \/>\n<meta property=\"article:modified_time\" content=\"2024-04-26T10:55:50+00:00\" \/>\n<meta property=\"og:image\" content=\"https:\/\/www.villaverdevaldisole.it\/wp-content\/uploads\/2024\/04\/\u00a9Marco-Corriero-marilleva-panorama-brenta-1024x488.jpg\" \/>\n\t<meta property=\"og:image:width\" content=\"1024\" \/>\n\t<meta property=\"og:image:height\" content=\"488\" \/>\n<meta name=\"twitter:card\" content=\"summary\" \/>\n<meta name=\"twitter:label1\" content=\"Gesch\u00e4tzte Lesezeit\">\n\t<meta name=\"twitter:data1\" content=\"1 Minute\">\n<script type=\"application\/ld+json\" class=\"yoast-schema-graph\">{\"@context\":\"https:\/\/schema.org\",\"@graph\":[{\"@type\":\"WebSite\",\"@id\":\"https:\/\/www.villaverdevaldisole.it\/#website\",\"url\":\"https:\/\/www.villaverdevaldisole.it\/\",\"name\":\"Villa Verde - Val di Sole\",\"description\":\"Il sito degli appartamenti Villa Verde in Val di Sole, Trentino.\",\"potentialAction\":[{\"@type\":\"SearchAction\",\"target\":\"https:\/\/www.villaverdevaldisole.it\/?s={search_term_string}\",\"query-input\":\"required name=search_term_string\"}],\"inLanguage\":\"de-DE\"},{\"@type\":\"ImageObject\",\"@id\":\"https:\/\/www.villaverdevaldisole.it\/de\/preise-und-angebote\/winterpreise\/#primaryimage\",\"inLanguage\":\"de-DE\",\"url\":\"https:\/\/www.villaverdevaldisole.it\/wp-content\/uploads\/2024\/04\/\\u00a9Marco-Corriero-marilleva-panorama-brenta.jpg\",\"width\":2560,\"height\":1221},{\"@type\":\"WebPage\",\"@id\":\"https:\/\/www.villaverdevaldisole.it\/de\/preise-und-angebote\/winterpreise\/#webpage\",\"url\":\"https:\/\/www.villaverdevaldisole.it\/de\/preise-und-angebote\/winterpreise\/\",\"name\":\"Winterpreise - Villa Verde - Val di Sole\",\"isPartOf\":{\"@id\":\"https:\/\/www.villaverdevaldisole.it\/#website\"},\"primaryImageOfPage\":{\"@id\":\"https:\/\/www.villaverdevaldisole.it\/de\/preise-und-angebote\/winterpreise\/#primaryimage\"},\"datePublished\":\"2016-10-10T07:43:42+00:00\",\"dateModified\":\"2024-04-26T10:55:50+00:00\",\"breadcrumb\":{\"@id\":\"https:\/\/www.villaverdevaldisole.it\/de\/preise-und-angebote\/winterpreise\/#breadcrumb\"},\"inLanguage\":\"de-DE\",\"potentialAction\":[{\"@type\":\"ReadAction\",\"target\":[\"https:\/\/www.villaverdevaldisole.it\/de\/preise-und-angebote\/winterpreise\/\"]}]},{\"@type\":\"BreadcrumbList\",\"@id\":\"https:\/\/www.villaverdevaldisole.it\/de\/preise-und-angebote\/winterpreise\/#breadcrumb\",\"itemListElement\":[{\"@type\":\"ListItem\",\"position\":1,\"item\":{\"@type\":\"WebPage\",\"@id\":\"https:\/\/www.villaverdevaldisole.it\/de\/\",\"url\":\"https:\/\/www.villaverdevaldisole.it\/de\/\",\"name\":\"Home\"}},{\"@type\":\"ListItem\",\"position\":2,\"item\":{\"@type\":\"WebPage\",\"@id\":\"https:\/\/www.villaverdevaldisole.it\/de\/preise-und-angebote\/\",\"url\":\"https:\/\/www.villaverdevaldisole.it\/de\/preise-und-angebote\/\",\"name\":\"Preise und angebote\"}},{\"@type\":\"ListItem\",\"position\":3,\"item\":{\"@type\":\"WebPage\",\"@id\":\"https:\/\/www.villaverdevaldisole.it\/de\/preise-und-angebote\/winterpreise\/\",\"url\":\"https:\/\/www.villaverdevaldisole.it\/de\/preise-und-angebote\/winterpreise\/\",\"name\":\"Winterpreise\"}}]}]}<\/script>\n<!-- \/ Yoast SEO plugin. -->","_links":{"self":[{"href":"https:\/\/www.villaverdevaldisole.it\/de\/wp-json\/wp\/v2\/pages\/258\/"}],"collection":[{"href":"https:\/\/www.villaverdevaldisole.it\/de\/wp-json\/wp\/v2\/pages\/"}],"about":[{"href":"https:\/\/www.villaverdevaldisole.it\/de\/wp-json\/wp\/v2\/types\/page\/"}],"author":[{"embeddable":true,"href":"https:\/\/www.villaverdevaldisole.it\/de\/wp-json\/wp\/v2\/users\/2\/"}],"replies":[{"embeddable":true,"href":"https:\/\/www.villaverdevaldisole.it\/de\/wp-json\/wp\/v2\/comments\/?post=258"}],"version-history":[{"count":0,"href":"https:\/\/www.villaverdevaldisole.it\/de\/wp-json\/wp\/v2\/pages\/258\/revisions\/"}],"up":[{"embeddable":true,"href":"https:\/\/www.villaverdevaldisole.it\/de\/wp-json\/wp\/v2\/pages\/256\/"}],"wp:featuredmedia":[{"embeddable":true,"href":"https:\/\/www.villaverdevaldisole.it\/de\/wp-json\/wp\/v2\/media\/470\/"}],"wp:attachment":[{"href":"https:\/\/www.villaverdevaldisole.it\/de\/wp-json\/wp\/v2\/media\/?parent=258"}],"curies":[{"name":"wp","href":"https:\/\/api.w.org\/{rel}","templated":true}]}}