{"id":259,"date":"2016-10-10T08:44:23","date_gmt":"2016-10-10T07:44:23","guid":{"rendered":"http:\/\/villaverdevaldisole.it\/pl\/?page_id=259"},"modified":"2024-04-26T11:56:10","modified_gmt":"2024-04-26T10:56:10","slug":"ceny-zima","status":"publish","type":"page","link":"https:\/\/www.villaverdevaldisole.it\/pl\/pokoje-i-ceny\/ceny-zima\/","title":{"rendered":"Ceny Zima"},"content":{"rendered":"<h2>Zima 2024\/25<\/h2>\n<p style=\"vertical-align: baseline; margin: 10.5pt 0cm 10.5pt 0cm;\"><span style=\"font-family: 'Arial',sans-serif; color: #333333;\">Ceny apartamentow do wynajecia na wakacje w lecie w Mezzanie- Marillevie, w Val di Sole.<\/span><\/p>\n<p style=\"vertical-align: baseline; margin: 10.5pt 0cm 10.5pt 0cm;\"><span style=\"font-family: 'Arial',sans-serif; color: #333333;\">Daty i ceny dla pobytow tygodniowych z wylaczeniem oplaty klimatycznej<\/span><\/p>\n\n<table id=\"tablepress-8\" class=\"tablepress tablepress-id-8\">\n<thead>\n<tr class=\"row-1 odd\">\n\t<th class=\"column-1\">OKRES<\/th><th class=\"column-2\">BILOCALE 2\/4 P.L.<\/th><th class=\"column-3\">TRILOCALE 4\/6 P.L.<\/th>\n<\/tr>\n<\/thead>\n<tbody>\n<tr class=\"row-2 even\">\n\t<td class=\"column-1\">Od 30.11.24 do 07.12.24  min. 7 nocy <\/td><td class=\"column-2\">730,00<\/td><td class=\"column-3\">850,00<\/td>\n<\/tr>\n<tr class=\"row-3 odd\">\n\t<td class=\"column-1\">Od 07.12.24 do 14.12.24  min. 7 nocy <\/td><td class=\"column-2\">840,00<\/td><td class=\"column-3\">960,00<\/td>\n<\/tr>\n<tr class=\"row-4 even\">\n\t<td class=\"column-1\">Od 14.12.24 do 21.12.24  min. 7 nocy <\/td><td class=\"column-2\">840,00<\/td><td class=\"column-3\">960,00<\/td>\n<\/tr>\n<tr class=\"row-5 odd\">\n\t<td class=\"column-1\">Od 21.12.24 do 28.12.24 Bo\u017ce Narodzenie  -  <br \/>\nMinimum 7 <\/td><td class=\"column-2\">1.110,00<\/td><td class=\"column-3\">1.240,00<\/td>\n<\/tr>\n<tr class=\"row-6 even\">\n\t<td class=\"column-1\">Od 28.12.24 do 04.01.25 Nowe lata min. 7 nocy <\/td><td class=\"column-2\">1.680,00<\/td><td class=\"column-3\">1.820,00<\/td>\n<\/tr>\n<tr class=\"row-7 odd\">\n\t<td class=\"column-1\">Od 04.01.25 do 11.01.25  min. 7 nocy <\/td><td class=\"column-2\">1.070,00<\/td><td class=\"column-3\">1.200,00<\/td>\n<\/tr>\n<tr class=\"row-8 even\">\n\t<td class=\"column-1\">Od 11.01.25 do 18.01.25  min. 7 nocy <\/td><td class=\"column-2\">830,00<\/td><td class=\"column-3\">950,00<\/td>\n<\/tr>\n<tr class=\"row-9 odd\">\n\t<td class=\"column-1\">Od 18.01.25 do 25.01.25  min. 7 nocy <\/td><td class=\"column-2\">860,00<\/td><td class=\"column-3\">980,00<\/td>\n<\/tr>\n<tr class=\"row-10 even\">\n\t<td class=\"column-1\">Od 25.01.25 do 01.02.25  min. 7 nocy <\/td><td class=\"column-2\">860,00<\/td><td class=\"column-3\">980,00<\/td>\n<\/tr>\n<tr class=\"row-11 odd\">\n\t<td class=\"column-1\">Od 01.02.25 do 08.02.25  min. 7 nocy <\/td><td class=\"column-2\">920,00<\/td><td class=\"column-3\">1.050,00<\/td>\n<\/tr>\n<tr class=\"row-12 even\">\n\t<td class=\"column-1\">Od 08.02.25 do 15.02.25  min. 7 nocy<\/td><td class=\"column-2\">1.120,00<\/td><td class=\"column-3\">1.250,00<\/td>\n<\/tr>\n<tr class=\"row-13 odd\">\n\t<td class=\"column-1\">Od 15.02.25 do 22.02.25  min. 7 nocy<\/td><td class=\"column-2\">1.140,00<\/td><td class=\"column-3\">1.270,00<\/td>\n<\/tr>\n<tr class=\"row-14 even\">\n\t<td class=\"column-1\">Od 22.02.25 do 01.03.25  min. 7 nocy<\/td><td class=\"column-2\">1.140,00<\/td><td class=\"column-3\">1.270,00<\/td>\n<\/tr>\n<tr class=\"row-15 odd\">\n\t<td class=\"column-1\">Od 01.03.25 do 08.03.25  min. 7 nocy<\/td><td class=\"column-2\">1.140,00<\/td><td class=\"column-3\">1.270,00<\/td>\n<\/tr>\n<tr class=\"row-16 even\">\n\t<td class=\"column-1\">Od 08.03.25 do 15.03.25  min. 7 nocy<\/td><td class=\"column-2\">930,00<\/td><td class=\"column-3\">1.050,00<\/td>\n<\/tr>\n<tr class=\"row-17 odd\">\n\t<td class=\"column-1\">Od 15.03.25 do 22.03.25  min. 7 nocy<\/td><td class=\"column-2\">860,00<\/td><td class=\"column-3\">980,00<\/td>\n<\/tr>\n<tr class=\"row-18 even\">\n\t<td class=\"column-1\">Od 22.03.25 do 29.03.25  min. 7 nocy<\/td><td class=\"column-2\">780,00<\/td><td class=\"column-3\">900,00<\/td>\n<\/tr>\n<tr class=\"row-19 odd\">\n\t<td class=\"column-1\">Od 29.03.25 do 05.04.25  min. 7 nocy<\/td><td class=\"column-2\">780,00<\/td><td class=\"column-3\">900,00<\/td>\n<\/tr>\n<tr class=\"row-20 even\">\n\t<td class=\"column-1\">Od 05.04.25 do 12.04.25  min. 7 nocy<\/td><td class=\"column-2\">730,00<\/td><td class=\"column-3\">850,00<\/td>\n<\/tr>\n<\/tbody>\n<\/table>\n<!-- #tablepress-8 from cache -->\n<p>&nbsp;<\/p>\n<p><strong><span class=\"HwtZe\" lang=\"pl\"><span class=\"jCAhz ChMk0b\"><span class=\"ryNqvb\">Informujemy, \u017ce w przypadku pobyt\u00f3w kr\u00f3tszych ni\u017c 7 nocy b\u0119d\u0105 stosowane dodatki<\/span><\/span><\/span><\/strong><\/p>\n<hr \/>\n<div class=\"small-text\">\n<h3>Note:<\/h3>\n<ul>\n<li>Garaz w cenie w Villa Verde do wyczerpania miejsc<\/li>\n<li>Polaczenie wi-fi bezplatnie<\/li>\n<\/ul>\n<hr \/>\n<h3>Cena nie zawiera:<\/h3>\n<ul>\n<li><strong>Kaucja 200 euro<\/strong> (<strong>platnosc gotowka przy zakwaterowaniu<\/strong> i zwrot przy wykwaterowaniu po sprawdzeniu apartamentu)<\/li>\n<li><strong>Sprzatanie finalne 60 euro- platnosc przy zakwaterowaniu w gotowce<\/strong>. Ankes kuchenny, lodowka, zmywarka, musza byc oddane wysprzatne, w przeciwnym razie zostanie doliczona oplata dodatkowa : 60 euro.<\/li>\n<li>Mozliwosc skorzystania ze SPA w Hotelu Salvadori za oplata<\/li>\n<li>Zwierzeta za potwierdzeniem.<\/li>\n<\/ul>\n<p><strong>Zakwaterowanie od godz. 17.00 (odbior od 17.00 do 23.00) w dniu przyjazdu i wykwaterowanie do godz. 00 w dniu wyjazdu<\/strong><\/p>\n<\/div>\n","protected":false},"excerpt":{"rendered":"<p>Zima 2024\/25 Ceny apartamentow do wynajecia na wakacje w lecie w Mezzanie- Marillevie, w Val di Sole. Daty i ceny dla pobytow tygodniowych z wylaczeniem oplaty klimatycznej &nbsp; Informujemy, \u017ce w przypadku pobyt\u00f3w kr\u00f3tszych ni\u017c 7 nocy b\u0119d\u0105 stosowane dodatki Note: Garaz w cenie w Villa Verde do wyczerpania miejsc Polaczenie wi-fi bezplatnie Cena nie [&hellip;]<\/p>\n","protected":false},"author":2,"featured_media":471,"parent":255,"menu_order":0,"comment_status":"closed","ping_status":"closed","template":"","meta":[],"yoast_head":"<!-- This site is optimized with the Yoast SEO plugin v16.0.2 - https:\/\/yoast.com\/wordpress\/plugins\/seo\/ -->\n<title>Ceny Zima - Villa Verde - Val di Sole<\/title>\n<meta name=\"robots\" content=\"index, follow, max-snippet:-1, max-image-preview:large, max-video-preview:-1\" \/>\n<link rel=\"canonical\" href=\"https:\/\/www.villaverdevaldisole.it\/pl\/pokoje-i-ceny\/ceny-zima\/\" \/>\n<meta property=\"og:locale\" content=\"pl_PL\" \/>\n<meta property=\"og:type\" content=\"article\" \/>\n<meta property=\"og:title\" content=\"Ceny Zima - Villa Verde - Val di Sole\" \/>\n<meta property=\"og:description\" content=\"Zima 2024\/25 Ceny apartamentow do wynajecia na wakacje w lecie w Mezzanie- Marillevie, w Val di Sole. Daty i ceny dla pobytow tygodniowych z wylaczeniem oplaty klimatycznej &nbsp; Informujemy, \u017ce w przypadku pobyt\u00f3w kr\u00f3tszych ni\u017c 7 nocy b\u0119d\u0105 stosowane dodatki Note: Garaz w cenie w Villa Verde do wyczerpania miejsc Polaczenie wi-fi bezplatnie Cena nie [&hellip;]\" \/>\n<meta property=\"og:url\" content=\"https:\/\/www.villaverdevaldisole.it\/pl\/pokoje-i-ceny\/ceny-zima\/\" \/>\n<meta property=\"og:site_name\" content=\"Villa Verde - Val di Sole\" \/>\n<meta property=\"article:modified_time\" content=\"2024-04-26T10:56:10+00:00\" \/>\n<meta property=\"og:image\" content=\"https:\/\/www.villaverdevaldisole.it\/wp-content\/uploads\/2024\/04\/\u00a9Marco-Corriero-marilleva-panorama-brenta-1024x488.jpg\" \/>\n\t<meta property=\"og:image:width\" content=\"1024\" \/>\n\t<meta property=\"og:image:height\" content=\"488\" \/>\n<meta name=\"twitter:card\" content=\"summary\" \/>\n<meta name=\"twitter:label1\" content=\"Szacowany czas czytania\">\n\t<meta name=\"twitter:data1\" content=\"1 minuta\">\n<script type=\"application\/ld+json\" class=\"yoast-schema-graph\">{\"@context\":\"https:\/\/schema.org\",\"@graph\":[{\"@type\":\"WebSite\",\"@id\":\"https:\/\/www.villaverdevaldisole.it\/#website\",\"url\":\"https:\/\/www.villaverdevaldisole.it\/\",\"name\":\"Villa Verde - Val di Sole\",\"description\":\"Il sito degli appartamenti Villa Verde in Val di Sole, Trentino.\",\"potentialAction\":[{\"@type\":\"SearchAction\",\"target\":\"https:\/\/www.villaverdevaldisole.it\/?s={search_term_string}\",\"query-input\":\"required name=search_term_string\"}],\"inLanguage\":\"pl-PL\"},{\"@type\":\"ImageObject\",\"@id\":\"https:\/\/www.villaverdevaldisole.it\/pl\/pokoje-i-ceny\/ceny-zima\/#primaryimage\",\"inLanguage\":\"pl-PL\",\"url\":\"https:\/\/www.villaverdevaldisole.it\/wp-content\/uploads\/2024\/04\/\\u00a9Marco-Corriero-marilleva-panorama-brenta.jpg\",\"width\":2560,\"height\":1221},{\"@type\":\"WebPage\",\"@id\":\"https:\/\/www.villaverdevaldisole.it\/pl\/pokoje-i-ceny\/ceny-zima\/#webpage\",\"url\":\"https:\/\/www.villaverdevaldisole.it\/pl\/pokoje-i-ceny\/ceny-zima\/\",\"name\":\"Ceny Zima - Villa Verde - Val di Sole\",\"isPartOf\":{\"@id\":\"https:\/\/www.villaverdevaldisole.it\/#website\"},\"primaryImageOfPage\":{\"@id\":\"https:\/\/www.villaverdevaldisole.it\/pl\/pokoje-i-ceny\/ceny-zima\/#primaryimage\"},\"datePublished\":\"2016-10-10T07:44:23+00:00\",\"dateModified\":\"2024-04-26T10:56:10+00:00\",\"breadcrumb\":{\"@id\":\"https:\/\/www.villaverdevaldisole.it\/pl\/pokoje-i-ceny\/ceny-zima\/#breadcrumb\"},\"inLanguage\":\"pl-PL\",\"potentialAction\":[{\"@type\":\"ReadAction\",\"target\":[\"https:\/\/www.villaverdevaldisole.it\/pl\/pokoje-i-ceny\/ceny-zima\/\"]}]},{\"@type\":\"BreadcrumbList\",\"@id\":\"https:\/\/www.villaverdevaldisole.it\/pl\/pokoje-i-ceny\/ceny-zima\/#breadcrumb\",\"itemListElement\":[{\"@type\":\"ListItem\",\"position\":1,\"item\":{\"@type\":\"WebPage\",\"@id\":\"https:\/\/www.villaverdevaldisole.it\/pl\/\",\"url\":\"https:\/\/www.villaverdevaldisole.it\/pl\/\",\"name\":\"Home\"}},{\"@type\":\"ListItem\",\"position\":2,\"item\":{\"@type\":\"WebPage\",\"@id\":\"https:\/\/www.villaverdevaldisole.it\/pl\/pokoje-i-ceny\/\",\"url\":\"https:\/\/www.villaverdevaldisole.it\/pl\/pokoje-i-ceny\/\",\"name\":\"Pokoje i ceny\"}},{\"@type\":\"ListItem\",\"position\":3,\"item\":{\"@type\":\"WebPage\",\"@id\":\"https:\/\/www.villaverdevaldisole.it\/pl\/pokoje-i-ceny\/ceny-zima\/\",\"url\":\"https:\/\/www.villaverdevaldisole.it\/pl\/pokoje-i-ceny\/ceny-zima\/\",\"name\":\"Ceny Zima\"}}]}]}<\/script>\n<!-- \/ Yoast SEO plugin. -->","_links":{"self":[{"href":"https:\/\/www.villaverdevaldisole.it\/pl\/wp-json\/wp\/v2\/pages\/259\/"}],"collection":[{"href":"https:\/\/www.villaverdevaldisole.it\/pl\/wp-json\/wp\/v2\/pages\/"}],"about":[{"href":"https:\/\/www.villaverdevaldisole.it\/pl\/wp-json\/wp\/v2\/types\/page\/"}],"author":[{"embeddable":true,"href":"https:\/\/www.villaverdevaldisole.it\/pl\/wp-json\/wp\/v2\/users\/2\/"}],"replies":[{"embeddable":true,"href":"https:\/\/www.villaverdevaldisole.it\/pl\/wp-json\/wp\/v2\/comments\/?post=259"}],"version-history":[{"count":0,"href":"https:\/\/www.villaverdevaldisole.it\/pl\/wp-json\/wp\/v2\/pages\/259\/revisions\/"}],"up":[{"embeddable":true,"href":"https:\/\/www.villaverdevaldisole.it\/pl\/wp-json\/wp\/v2\/pages\/255\/"}],"wp:featuredmedia":[{"embeddable":true,"href":"https:\/\/www.villaverdevaldisole.it\/pl\/wp-json\/wp\/v2\/media\/471\/"}],"wp:attachment":[{"href":"https:\/\/www.villaverdevaldisole.it\/pl\/wp-json\/wp\/v2\/media\/?parent=259"}],"curies":[{"name":"wp","href":"https:\/\/api.w.org\/{rel}","templated":true}]}}