{"id":79,"date":"2016-07-23T12:15:27","date_gmt":"2016-07-23T11:15:27","guid":{"rendered":"http:\/\/villaverdevaldisole.it\/pl\/?page_id=79"},"modified":"2025-04-04T08:07:34","modified_gmt":"2025-04-04T07:07:34","slug":"ceny","status":"publish","type":"page","link":"https:\/\/www.villaverdevaldisole.it\/pl\/ceny\/","title":{"rendered":"Ceny"},"content":{"rendered":"<h2>Ceny lato 2025<\/h2>\n<p><strong>Apartamenty w Val di Sole \u2013 Terminy i ceny za pobyt tygodniowy, wy\u0142\u0105czaj\u0105c podatek miejski.<\/strong><\/p>\n<p>Terminy i ceny pobyt\u00f3w tygodniowych BEZ PODATKU TURYSTYCZNEGO, <strong>1,00 EURO ZA DZIE\u0143 ZA OSOB\u0118<\/strong> (bezp\u0142atnie dla dzieci do 14 lat)<\/p>\n\n<table id=\"tablepress-3\" class=\"tablepress tablepress-id-3\">\n<thead>\n<tr class=\"row-1 odd\">\n\t<th class=\"column-1\">OKRES<\/th><th class=\"column-2\">BILOCALE 2\/4 P.L.<\/th><th class=\"column-3\">TRILOCALE 4\/6 P.L.<\/th>\n<\/tr>\n<\/thead>\n<tbody>\n<tr class=\"row-2 even\">\n\t<td class=\"column-1\">Od pocz\u0105tku sezonu do 27.06.26<\/td><td class=\"column-2\">710,00<\/td><td class=\"column-3\">820,00<\/td>\n<\/tr>\n<tr class=\"row-3 odd\">\n\t<td class=\"column-1\">Od 27.06.26 do 04.07.26<\/td><td class=\"column-2\">830,00<\/td><td class=\"column-3\">930,00<\/td>\n<\/tr>\n<tr class=\"row-4 even\">\n\t<td class=\"column-1\">Od 04.07.26 do 11.07.26<\/td><td class=\"column-2\">870,00<\/td><td class=\"column-3\">970,00<\/td>\n<\/tr>\n<tr class=\"row-5 odd\">\n\t<td class=\"column-1\">Od 11.07.26 do 18.07.26<\/td><td class=\"column-2\">970,00<\/td><td class=\"column-3\">1.070,00<\/td>\n<\/tr>\n<tr class=\"row-6 even\">\n\t<td class=\"column-1\">Od 18.07.26 do 01.08.26<\/td><td class=\"column-2\">1.200,00<\/td><td class=\"column-3\">1.300,00<\/td>\n<\/tr>\n<tr class=\"row-7 odd\">\n\t<td class=\"column-1\">Od 01.08.26 do 08.08.26<\/td><td class=\"column-2\">1.300,00<\/td><td class=\"column-3\">1.400,00<\/td>\n<\/tr>\n<tr class=\"row-8 even\">\n\t<td class=\"column-1\">Od 08.08.26 do 22.08.26<\/td><td class=\"column-2\">1.400,00<\/td><td class=\"column-3\">1.500,00<\/td>\n<\/tr>\n<tr class=\"row-9 odd\">\n\t<td class=\"column-1\">Od 22.08.26 do 29.08.26<\/td><td class=\"column-2\">1.130,00<\/td><td class=\"column-3\">1.230,00<\/td>\n<\/tr>\n<tr class=\"row-10 even\">\n\t<td class=\"column-1\">Od 29.08.26 do 05.09.26<\/td><td class=\"column-2\">840,00<\/td><td class=\"column-3\">950,00<\/td>\n<\/tr>\n<tr class=\"row-11 odd\">\n\t<td class=\"column-1\">Od 05.09.26 ko\u0144ca sezonu.<\/td><td class=\"column-2\">670,00<\/td><td class=\"column-3\">780,00<\/td>\n<\/tr>\n<\/tbody>\n<\/table>\n<!-- #tablepress-3 from cache -->\n<div class=\"small-text\">\n<hr \/>\n<h3>Note:<\/h3>\n<ul>\n<li>Gara\u017c wliczony w cen\u0119 pobytu, w zale\u017cno\u015bci od dost\u0119pno\u015bci.<\/li>\n<li>Pobyt ze zwierz\u0119tami nale\u017cy skonsultowa\u0107 z w\u0142a\u015bcicielem przez przyjazdem<\/li>\n<li>Mo\u017cliwo\u015b\u0107 korzystania za op\u0142at\u0105 z us\u0142ug Hotelu Salvadori<\/li>\n<\/ul>\n<hr \/>\n<h3>Ceny nie zawieraj\u0105:<\/h3>\n<ul>\n<li><strong>Kaucja \u20ac 200,00 (p\u0142atna w got\u00f3wce w dniu przyjazdu i zwracana w dniu wyjazdu, po sprawdzeniu apartamentu)<\/strong>.<\/li>\n<li><strong>Sprz\u0105tanie ko\u0144cowe \u20ac 60,00 p\u0142atne w dniu przyjazdu, w got\u00f3wce<\/strong>. Aneks kuchenny, lod\u00f3wka, naczynia powinny by\u0107 zwr\u00f3cone czyste, w przeciwnym razie Go\u015bcie zostan\u0105 obci\u0105\u017ceni dodatkow\u0105 op\u0142at\u0105 w wysoko\u015bci \u20ac 60,00.<\/li>\n<li><strong><span class=\"HwtZe\" lang=\"pl\"><span class=\"jCAhz ChMk0b\"><span class=\"ryNqvb\">Podatek miejski<\/span><\/span><\/span><\/strong><\/li>\n<li><strong>Trentino Guest Card<br \/>\n<\/strong><\/li>\n<\/ul>\n<p><em style=\"line-height: 1.5;\">Doba hotelowa w apartamencie zaczyna si\u0119 od godz. 17.00 w dniu przyjazdu i ko\u0144czy o godzinie 10:00 w dniu wyjazdu.<\/em><\/p>\n<\/div>\n","protected":false},"excerpt":{"rendered":"<p>Ceny lato 2025 Apartamenty w Val di Sole \u2013 Terminy i ceny za pobyt tygodniowy, wy\u0142\u0105czaj\u0105c podatek miejski. Terminy i ceny pobyt\u00f3w tygodniowych BEZ PODATKU TURYSTYCZNEGO, 1,00 EURO ZA DZIE\u0143 ZA OSOB\u0118 (bezp\u0142atnie dla dzieci do 14 lat) Note: Gara\u017c wliczony w cen\u0119 pobytu, w zale\u017cno\u015bci od dost\u0119pno\u015bci. Pobyt ze zwierz\u0119tami nale\u017cy skonsultowa\u0107 z w\u0142a\u015bcicielem [&hellip;]<\/p>\n","protected":false},"author":2,"featured_media":0,"parent":0,"menu_order":0,"comment_status":"closed","ping_status":"closed","template":"","meta":[],"yoast_head":"<!-- This site is optimized with the Yoast SEO plugin v16.0.2 - https:\/\/yoast.com\/wordpress\/plugins\/seo\/ -->\n<title>Ceny - Villa Verde - Val di Sole<\/title>\n<meta name=\"robots\" content=\"index, follow, max-snippet:-1, max-image-preview:large, max-video-preview:-1\" \/>\n<link rel=\"canonical\" href=\"https:\/\/www.villaverdevaldisole.it\/pl\/ceny\/\" \/>\n<meta property=\"og:locale\" content=\"pl_PL\" \/>\n<meta property=\"og:type\" content=\"article\" \/>\n<meta property=\"og:title\" content=\"Ceny - Villa Verde - Val di Sole\" \/>\n<meta property=\"og:description\" content=\"Ceny lato 2025 Apartamenty w Val di Sole \u2013 Terminy i ceny za pobyt tygodniowy, wy\u0142\u0105czaj\u0105c podatek miejski. Terminy i ceny pobyt\u00f3w tygodniowych BEZ PODATKU TURYSTYCZNEGO, 1,00 EURO ZA DZIE\u0143 ZA OSOB\u0118 (bezp\u0142atnie dla dzieci do 14 lat) Note: Gara\u017c wliczony w cen\u0119 pobytu, w zale\u017cno\u015bci od dost\u0119pno\u015bci. Pobyt ze zwierz\u0119tami nale\u017cy skonsultowa\u0107 z w\u0142a\u015bcicielem [&hellip;]\" \/>\n<meta property=\"og:url\" content=\"https:\/\/www.villaverdevaldisole.it\/pl\/ceny\/\" \/>\n<meta property=\"og:site_name\" content=\"Villa Verde - Val di Sole\" \/>\n<meta property=\"article:modified_time\" content=\"2025-04-04T07:07:34+00:00\" \/>\n<meta name=\"twitter:card\" content=\"summary\" \/>\n<meta name=\"twitter:label1\" content=\"Szacowany czas czytania\">\n\t<meta name=\"twitter:data1\" content=\"1 minuta\">\n<script type=\"application\/ld+json\" class=\"yoast-schema-graph\">{\"@context\":\"https:\/\/schema.org\",\"@graph\":[{\"@type\":\"WebSite\",\"@id\":\"https:\/\/www.villaverdevaldisole.it\/#website\",\"url\":\"https:\/\/www.villaverdevaldisole.it\/\",\"name\":\"Villa Verde - Val di Sole\",\"description\":\"Il sito degli appartamenti Villa Verde in Val di Sole, Trentino.\",\"potentialAction\":[{\"@type\":\"SearchAction\",\"target\":\"https:\/\/www.villaverdevaldisole.it\/?s={search_term_string}\",\"query-input\":\"required name=search_term_string\"}],\"inLanguage\":\"pl-PL\"},{\"@type\":\"WebPage\",\"@id\":\"https:\/\/www.villaverdevaldisole.it\/pl\/ceny\/#webpage\",\"url\":\"https:\/\/www.villaverdevaldisole.it\/pl\/ceny\/\",\"name\":\"Ceny - Villa Verde - Val di Sole\",\"isPartOf\":{\"@id\":\"https:\/\/www.villaverdevaldisole.it\/#website\"},\"datePublished\":\"2016-07-23T11:15:27+00:00\",\"dateModified\":\"2025-04-04T07:07:34+00:00\",\"breadcrumb\":{\"@id\":\"https:\/\/www.villaverdevaldisole.it\/pl\/ceny\/#breadcrumb\"},\"inLanguage\":\"pl-PL\",\"potentialAction\":[{\"@type\":\"ReadAction\",\"target\":[\"https:\/\/www.villaverdevaldisole.it\/pl\/ceny\/\"]}]},{\"@type\":\"BreadcrumbList\",\"@id\":\"https:\/\/www.villaverdevaldisole.it\/pl\/ceny\/#breadcrumb\",\"itemListElement\":[{\"@type\":\"ListItem\",\"position\":1,\"item\":{\"@type\":\"WebPage\",\"@id\":\"https:\/\/www.villaverdevaldisole.it\/pl\/\",\"url\":\"https:\/\/www.villaverdevaldisole.it\/pl\/\",\"name\":\"Home\"}},{\"@type\":\"ListItem\",\"position\":2,\"item\":{\"@type\":\"WebPage\",\"@id\":\"https:\/\/www.villaverdevaldisole.it\/pl\/ceny\/\",\"url\":\"https:\/\/www.villaverdevaldisole.it\/pl\/ceny\/\",\"name\":\"Ceny\"}}]}]}<\/script>\n<!-- \/ Yoast SEO plugin. -->","_links":{"self":[{"href":"https:\/\/www.villaverdevaldisole.it\/pl\/wp-json\/wp\/v2\/pages\/79\/"}],"collection":[{"href":"https:\/\/www.villaverdevaldisole.it\/pl\/wp-json\/wp\/v2\/pages\/"}],"about":[{"href":"https:\/\/www.villaverdevaldisole.it\/pl\/wp-json\/wp\/v2\/types\/page\/"}],"author":[{"embeddable":true,"href":"https:\/\/www.villaverdevaldisole.it\/pl\/wp-json\/wp\/v2\/users\/2\/"}],"replies":[{"embeddable":true,"href":"https:\/\/www.villaverdevaldisole.it\/pl\/wp-json\/wp\/v2\/comments\/?post=79"}],"version-history":[{"count":0,"href":"https:\/\/www.villaverdevaldisole.it\/pl\/wp-json\/wp\/v2\/pages\/79\/revisions\/"}],"wp:attachment":[{"href":"https:\/\/www.villaverdevaldisole.it\/pl\/wp-json\/wp\/v2\/media\/?parent=79"}],"curies":[{"name":"wp","href":"https:\/\/api.w.org\/{rel}","templated":true}]}}